{"id":2254,"date":"2016-05-24T21:38:58","date_gmt":"2016-05-24T21:38:58","guid":{"rendered":"http:\/\/turismoaguarda.es\/casco-urbano-y-antiguo\/?lang=gl"},"modified":"2017-05-22T21:14:34","modified_gmt":"2017-05-22T21:14:34","slug":"casco-urbano-y-antiguo","status":"publish","type":"page","link":"https:\/\/www.turismoaguarda.es\/gl\/casco-urbano-y-antiguo\/","title":{"rendered":"Casco urbano y antiguo"},"content":{"rendered":"<p>[vc_row el_id=&#8221;accesos-rapidos&#8221; el_class=&#8221;photolinks&#8221;][vc_column width=&#8221;1\/6&#8243;][vc_single_image image=&#8221;1470&#8243; img_size=&#8221;512&#215;256&#8243; onclick=&#8221;custom_link&#8221; link=&#8221;\/casco-urbano-y-antiguo\/#casco-antiguo&#8221;][vc_column_text]C. Antigo[\/vc_column_text][\/vc_column][vc_column width=&#8221;1\/6&#8243;][vc_single_image image=&#8221;1472&#8243; img_size=&#8221;512&#215;256&#8243; onclick=&#8221;custom_link&#8221; link=&#8221;\/casco-urbano-y-antiguo\/#casco-urbano&#8221;][vc_column_text]C. urbano[\/vc_column_text][\/vc_column][vc_column width=&#8221;1\/6&#8243;][vc_single_image image=&#8221;1458&#8243; img_size=&#8221;512&#215;256&#8243; onclick=&#8221;custom_link&#8221; link=&#8221;\/casco-urbano-y-antiguo\/#ruta-urbana&#8221;][vc_column_text]Ruta urbana[\/vc_column_text][\/vc_column][vc_column width=&#8221;1\/6&#8243;][vc_single_image image=&#8221;1471&#8243; img_size=&#8221;512&#215;256&#8243; onclick=&#8221;custom_link&#8221; link=&#8221;\/casco-urbano-y-antiguo\/#ruta-de-las-casas-indianas&#8221;][vc_column_text]Casas Indianas[\/vc_column_text][\/vc_column][vc_column width=&#8221;1\/6&#8243;][vc_single_image image=&#8221;1406&#8243; img_size=&#8221;512&#215;256&#8243; onclick=&#8221;custom_link&#8221; link=&#8221;\/casco-urbano-y-antiguo\/#centro-cultural&#8221;][vc_column_text]Centro cultural[\/vc_column_text][\/vc_column][vc_column width=&#8221;1\/6&#8243;][vc_single_image image=&#8221;1841&#8243; img_size=&#8221;512&#215;256&#8243; onclick=&#8221;custom_link&#8221; link=&#8221;\/casco-urbano-y-antiguo\/#plaza-de-abastos&#8221;][vc_column_text]Plz. Abastos[\/vc_column_text][\/vc_column][\/vc_row][vc_row el_id=&#8221;casco-antiguo&#8221;][vc_column][vc_custom_heading text=&#8221;CASCO ANTIGO&#8221; use_theme_fonts=&#8221;yes&#8221; el_class=&#8221;title title&#8211;underline&#8221;][vc_single_image image=&#8221;1731&#8243; img_size=&#8221;747&#215;250&#8243; style=&#8221;vc_box_outline&#8221; onclick=&#8221;link_image&#8221;][vc_column_text]No Porto at\u00f3pase o convento das Beneditinas, transformado a finais do XX en hotel. Subindo unhas empinadas escaleiras acc\u00e9dese \u00e1 r\u00faa Col\u00f3n, antiga r\u00faa que une a zona do porto co casco antigo. Cons\u00e9rvanse tramos da muralla medieval na r\u00faa Muro e r\u00faa da Ireira. Xa na Praza do Rel\u00f3 enc\u00f3ntrase o edificio do Concello \u00a0(Polic\u00eda Local e Oficina de Turismo) e a Torre do Rel\u00f3, antiga torre de procedencia medieval. Ademais p\u00f3dense observar exemplos de casas indianas como a Casa dos Alonsos. A poucos metros at\u00f3pase a igrexa parroquial de Santa Mar\u00eda.[\/vc_column_text][\/vc_column][\/vc_row][vc_row el_id=&#8221;casco-urbano&#8221;][vc_column][vc_custom_heading text=&#8221;CASCO URBANO E ZONA COMERCIAL&#8221; use_theme_fonts=&#8221;yes&#8221; el_class=&#8221;title title&#8211;underline&#8221;][vc_single_image image=&#8221;1732&#8243; img_size=&#8221;747&#215;250&#8243; style=&#8221;vc_box_outline&#8221; onclick=&#8221;link_image&#8221;][vc_column_text]O centro urbano organ\u00edzase en torno ao porto pesqueiro, reflexo do pasado e presente mari\u00f1eiro da Guarda. As s\u00faas r\u00faas convidan a pasealas e co\u00f1ecer a ampla e interesante oferta de comercios. Algunhas r\u00faas comerciais contan con zona azul e te\u00f1en restrinxido o tempo de estacionamento (gratu\u00edto).\u00a0Na baixada ao porto (r\u00faa Concepci\u00f3n Arenal) at\u00f3pase a Praza de Abastos que ofrece produtos frescos e de calidade durante as ma\u00f1\u00e1s (ag\u00e1s os domingos). Aqueles que disfruten das compras dispo\u00f1en do mercadillo semanal (s\u00e1bados de ma\u00f1\u00e1) nas r\u00faas Coru\u00f1a e Rosal\u00eda de Castro.[\/vc_column_text][\/vc_column][\/vc_row][vc_row el_id=&#8221;ruta-urbana&#8221;][vc_column][vc_custom_heading text=&#8221;RUTA URBANA&#8221; use_theme_fonts=&#8221;yes&#8221; el_class=&#8221;title title&#8211;underline&#8221;][vc_single_image image=&#8221;1383&#8243; img_size=&#8221;747&#215;250&#8243; style=&#8221;vc_box_outline&#8221; onclick=&#8221;link_image&#8221;][vc_column_text]<\/p>\n<p lang=\"gl-ES\" align=\"JUSTIFY\">Esta ruta mostra as r\u00faas e arquitectura t\u00edpicas percorrendo o casco antigo, o porto e pasando polas casas indianas. Comezando desde o porto poderanse observar as tarefas, embarcaci\u00f3ns e aparellos dos mari\u00f1eiros e a venda de peixe e marisco na Lonxa. O visitante merg\u00fallase no patrimonio e historia da Vila percorrendo a r\u00faa Malteses ou admirando a Torre do Rel\u00f3. Os fins de semana tam\u00e9n se pode compaxinar a ruta coa visita ao Museo do Mar, situado ao final do Paseo Mar\u00edtimo.<\/p>\n<p><a href=\"\/wp-content\/uploads\/2016\/06\/a-guarda-ruta-urbana.pdf\" target=\"_blank\">+DESCARGA LA RUTA<\/a>[\/vc_column_text][\/vc_column][\/vc_row][vc_row el_id=&#8221;ruta-de-las-casas-indianas&#8221;][vc_column][vc_custom_heading text=&#8221;RUTA DAS CASAS INDIANAS&#8221; use_theme_fonts=&#8221;yes&#8221; el_class=&#8221;title title&#8211;underline&#8221;][vc_single_image image=&#8221;1730&#8243; img_size=&#8221;747&#215;250&#8243; style=&#8221;vc_box_outline&#8221; onclick=&#8221;link_image&#8221;][vc_column_text]<\/p>\n<p lang=\"gl-ES\" align=\"JUSTIFY\">Esta ruta mostra unha parte das construci\u00f3ns indianas situadas no centro urbano. Estas edificaci\u00f3ns constru\u00edronse na segunda metade do S. XIX e comezos do XX polos emigrantes guardeses a Porto Rico, Rep\u00fablica Dominicana e Brasil.\u00a0As vivendas indianas caracter\u00edzanse polo emprego de cantar\u00eda, azulexo e forxa. Son casas rechamantes que adoptaron as estruturas propias do continente americano, o que lles confire unha personalidade propia. Algunhas eran de car\u00e1cter residencial como \u00e9 o caso das villas e outras se dedicaban a negocios ou fins sociais.\u00a0A ruta proposta comeza na r\u00faa Porto Rico onde se conservan varios exemplos de casas indianas e contin\u00faa polo centro hist\u00f3rico ata rematar na r\u00faa Galicia, despois de pasar pola Alameda, con alg\u00fans excepcionais exemplos de casas indianas. Seleccion\u00e1ronse 12 destacadas edificaci\u00f3ns indianas nun percorrido sinxelo de menos dunha hora.<\/p>\n<p>[\/vc_column_text][\/vc_column][\/vc_row][vc_row el_id=&#8221;centro-cultural&#8221;][vc_column][vc_single_image image=&#8221;1728&#8243; img_size=&#8221;747&#215;250&#8243; style=&#8221;vc_box_outline&#8221; onclick=&#8221;link_image&#8221; title=&#8221;Centro cultural&#8221;][vc_column_text]<\/p>\n<p lang=\"gl-ES\" align=\"JUSTIFY\">Na r\u00faa Rosal\u00eda de Castro local\u00edzase o mellor exemplo de construci\u00f3n indiana. Levantado en 1921 grazas \u00e1 colaboraci\u00f3n dos emigrantes guardeses e destinado a Hospital Casa-Asilo. Tras a reforma de 1990 converteuse no actual Centro Cultural. Alberga a Biblioteca Municipal, salas de exposici\u00f3ns e un sal\u00f3n de actos.<\/p>\n<p><a href=\"\/wp-content\/uploads\/2016\/06\/a-guarda-casas-indianas.pdf\" target=\"_blank\">+DESCARGA LA RUTA<\/a>[\/vc_column_text][\/vc_column][\/vc_row][vc_row el_id=&#8221;plaza-de-abastos&#8221;][vc_column][vc_custom_heading text=&#8221;PLAZA DE ABASTOS&#8221; use_theme_fonts=&#8221;yes&#8221; el_class=&#8221;title title&#8211;underline&#8221;][vc_single_image image=&#8221;1841&#8243; img_size=&#8221;747&#215;250&#8243; style=&#8221;vc_box_outline&#8221; onclick=&#8221;link_image&#8221;][vc_column_text]<\/p>\n<p>A Praza de Abastos da Guarda \u00e9 un espazo de reuni\u00f3n e bullicio no que os praceiros po\u00f1en a venda produtos do mar e da horta. Veci\u00f1os e veci\u00f1as da Guarda e comarca ach\u00e9ganse \u00e1 mesma sabedores da calidade e frescura dos produtos que a\u00ed se ofrecen. Lenguados, rodaballos, fanecas, congros, rapes ,sardi\u00f1a xunto con mariscos como o percebe, langosta, centolas ou n\u00e9coras&#8230; compiten entre eles por acadar o maior protagonismo. Produtos da horta, froitas e carne co reco\u00f1ecemto de Tenreira Galega completan a oferta.<\/p>\n<p>O singular edificio, luminoso e amplo, \u00e9 obra do arquitecto guard\u00e9s Constantino Candeira. A Praza at\u00f3pase na baixada ao Porto da Guarda, no centro do caso urbano, sendo un dos principais elementos\u00a0dinamizadores da actividade comercial da localidade.[\/vc_column_text][vc_column_text]<a href=\"https:\/\/www.google.es\/maps\/uv?hl=es&amp;pb=!1s0xd25ea845349f945:0x4b2e77ee0943a4b9!2m5!2m2!1i80!2i80!3m1!2i100!3m1!7e115!4s\/maps\/place\/plaza%2Bde%2Babastos%2Ba%2Bguarda\/@41.9004953,-8.8725821,3a,75y,333.8h,90t\/data%3D*213m4*211e1*213m2*211sk57Mh2FW2nkAAAQZeROLrg*212e0*214m2*213m1*211s0x0:0x4b2e77ee0943a4b9!5splaza+de+abastos+a+guarda+-+Buscar+con+Google&amp;imagekey=!1e2!2sk57Mh2FW2nkAAAQZeROLrg&amp;sa=X&amp;ved=0ahUKEwiH1vqeltzNAhXKVxQKHVH8AcYQoB8IdjAO\"><img loading=\"lazy\" decoding=\"async\" class=\"alignnone size-full wp-image-1862 aligncenter\" src=\"http:\/\/www.turismoaguarda.es\/wp-content\/uploads\/2016\/07\/360.png\" alt=\"360\" width=\"150\" height=\"57\" \/><\/a>[\/vc_column_text][\/vc_column][\/vc_row]<\/p>\n","protected":false},"excerpt":{"rendered":"<p>[vc_row el_id=&#8221;accesos-rapidos&#8221; el_class=&#8221;photolinks&#8221;][vc_column width=&#8221;1\/6&#8243;][vc_single_image image=&#8221;1470&#8243; img_size=&#8221;512&#215;256&#8243; onclick=&#8221;custom_link&#8221; link=&#8221;\/casco-urbano-y-antiguo\/#casco-antiguo&#8221;][vc_column_text]C. Antigo[\/vc_column_text][\/vc_column][vc_column width=&#8221;1\/6&#8243;][vc_single_image image=&#8221;1472&#8243; img_size=&#8221;512&#215;256&#8243; onclick=&#8221;custom_link&#8221; link=&#8221;\/casco-urbano-y-antiguo\/#casco-urbano&#8221;][vc_column_text]C. urbano[\/vc_column_text][\/vc_column][vc_column width=&#8221;1\/6&#8243;][vc_single_image image=&#8221;1458&#8243; img_size=&#8221;512&#215;256&#8243; onclick=&#8221;custom_link&#8221; link=&#8221;\/casco-urbano-y-antiguo\/#ruta-urbana&#8221;][vc_column_text]Ruta urbana[\/vc_column_text][\/vc_column][vc_column width=&#8221;1\/6&#8243;][vc_single_image image=&#8221;1471&#8243; img_size=&#8221;512&#215;256&#8243; onclick=&#8221;custom_link&#8221; link=&#8221;\/casco-urbano-y-antiguo\/#ruta-de-las-casas-indianas&#8221;][vc_column_text]Casas Indianas[\/vc_column_text][\/vc_column][vc_column width=&#8221;1\/6&#8243;][vc_single_image image=&#8221;1406&#8243; img_size=&#8221;512&#215;256&#8243; onclick=&#8221;custom_link&#8221; link=&#8221;\/casco-urbano-y-antiguo\/#centro-cultural&#8221;][vc_column_text]Centro cultural[\/vc_column_text][\/vc_column][vc_column width=&#8221;1\/6&#8243;][vc_single_image image=&#8221;1841&#8243; img_size=&#8221;512&#215;256&#8243; onclick=&#8221;custom_link&#8221; link=&#8221;\/casco-urbano-y-antiguo\/#plaza-de-abastos&#8221;][vc_column_text]Plz. Abastos[\/vc_column_text][\/vc_column][\/vc_row][vc_row el_id=&#8221;casco-antiguo&#8221;][vc_column][vc_custom_heading text=&#8221;CASCO ANTIGO&#8221; use_theme_fonts=&#8221;yes&#8221; el_class=&#8221;title title&#8211;underline&#8221;][vc_single_image image=&#8221;1731&#8243; img_size=&#8221;747&#215;250&#8243; style=&#8221;vc_box_outline&#8221; onclick=&#8221;link_image&#8221;][vc_column_text]No Porto at\u00f3pase o convento das Beneditinas,<\/p>\n<div class=\"padding-top text-center\"><a href=\"https:\/\/www.turismoaguarda.es\/gl\/casco-urbano-y-antiguo\/\" class=\"atbtn atbtn--medium atbtn--rounded atbtn--transparent\">Leer m\u00e1is<i class=\"atbtn__icon atbtn__icon--right fa fa-long-arrow-right\"><\/i><\/a><\/div>\n","protected":false},"author":4,"featured_media":0,"parent":0,"menu_order":0,"comment_status":"closed","ping_status":"closed","template":"template-page-with-sidebar.php","meta":{"footnotes":""},"class_list":["post-2254","page","type-page","status-publish","hentry"],"yoast_head":"<!-- This site is optimized with the Yoast SEO plugin v27.5 - https:\/\/yoast.com\/product\/yoast-seo-wordpress\/ -->\n<title>Casco urbano y antiguo | Turismo A Guarda<\/title>\n<meta name=\"robots\" content=\"index, follow, max-snippet:-1, max-image-preview:large, max-video-preview:-1\" \/>\n<link rel=\"canonical\" href=\"https:\/\/www.turismoaguarda.es\/gl\/casco-urbano-y-antiguo\/\" \/>\n<meta property=\"og:locale\" content=\"en_US\" \/>\n<meta property=\"og:type\" content=\"article\" \/>\n<meta property=\"og:title\" content=\"Casco urbano y antiguo | Turismo A Guarda\" \/>\n<meta property=\"og:description\" content=\"[vc_row el_id=&#8221;accesos-rapidos&#8221; el_class=&#8221;photolinks&#8221;][vc_column width=&#8221;1\/6&#8243;][vc_single_image image=&#8221;1470&#8243; img_size=&#8221;512&#215;256&#8243; onclick=&#8221;custom_link&#8221; link=&#8221;\/casco-urbano-y-antiguo\/#casco-antiguo&#8221;][vc_column_text]C. Antigo[\/vc_column_text][\/vc_column][vc_column width=&#8221;1\/6&#8243;][vc_single_image image=&#8221;1472&#8243; img_size=&#8221;512&#215;256&#8243; onclick=&#8221;custom_link&#8221; link=&#8221;\/casco-urbano-y-antiguo\/#casco-urbano&#8221;][vc_column_text]C. urbano[\/vc_column_text][\/vc_column][vc_column width=&#8221;1\/6&#8243;][vc_single_image image=&#8221;1458&#8243; img_size=&#8221;512&#215;256&#8243; onclick=&#8221;custom_link&#8221; link=&#8221;\/casco-urbano-y-antiguo\/#ruta-urbana&#8221;][vc_column_text]Ruta urbana[\/vc_column_text][\/vc_column][vc_column width=&#8221;1\/6&#8243;][vc_single_image image=&#8221;1471&#8243; img_size=&#8221;512&#215;256&#8243; onclick=&#8221;custom_link&#8221; link=&#8221;\/casco-urbano-y-antiguo\/#ruta-de-las-casas-indianas&#8221;][vc_column_text]Casas Indianas[\/vc_column_text][\/vc_column][vc_column width=&#8221;1\/6&#8243;][vc_single_image image=&#8221;1406&#8243; img_size=&#8221;512&#215;256&#8243; onclick=&#8221;custom_link&#8221; link=&#8221;\/casco-urbano-y-antiguo\/#centro-cultural&#8221;][vc_column_text]Centro cultural[\/vc_column_text][\/vc_column][vc_column width=&#8221;1\/6&#8243;][vc_single_image image=&#8221;1841&#8243; img_size=&#8221;512&#215;256&#8243; onclick=&#8221;custom_link&#8221; link=&#8221;\/casco-urbano-y-antiguo\/#plaza-de-abastos&#8221;][vc_column_text]Plz. Abastos[\/vc_column_text][\/vc_column][\/vc_row][vc_row el_id=&#8221;casco-antiguo&#8221;][vc_column][vc_custom_heading text=&#8221;CASCO ANTIGO&#8221; use_theme_fonts=&#8221;yes&#8221; el_class=&#8221;title title&#8211;underline&#8221;][vc_single_image image=&#8221;1731&#8243; img_size=&#8221;747&#215;250&#8243; style=&#8221;vc_box_outline&#8221; onclick=&#8221;link_image&#8221;][vc_column_text]No Porto at\u00f3pase o convento das Beneditinas,Leer m\u00e1is\" \/>\n<meta property=\"og:url\" content=\"https:\/\/www.turismoaguarda.es\/gl\/casco-urbano-y-antiguo\/\" \/>\n<meta property=\"og:site_name\" content=\"Turismo A Guarda\" \/>\n<meta property=\"article:publisher\" content=\"https:\/\/es-es.facebook.com\/Turismo-A-Guarda-126223240790625\/\" \/>\n<meta property=\"article:modified_time\" content=\"2017-05-22T21:14:34+00:00\" \/>\n<meta property=\"og:image\" content=\"http:\/\/www.turismoaguarda.es\/wp-content\/uploads\/2016\/07\/360.png\" \/>\n<meta name=\"twitter:card\" content=\"summary_large_image\" \/>\n<meta name=\"twitter:site\" content=\"@TurismoAGuarda\" \/>\n<meta name=\"twitter:label1\" content=\"Est. reading time\" \/>\n\t<meta name=\"twitter:data1\" content=\"5 minutes\" \/>\n<script type=\"application\/ld+json\" class=\"yoast-schema-graph\">{\"@context\":\"https:\\\/\\\/schema.org\",\"@graph\":[{\"@type\":\"WebPage\",\"@id\":\"https:\\\/\\\/www.turismoaguarda.es\\\/gl\\\/casco-urbano-y-antiguo\\\/\",\"url\":\"https:\\\/\\\/www.turismoaguarda.es\\\/gl\\\/casco-urbano-y-antiguo\\\/\",\"name\":\"Casco urbano y antiguo | Turismo A Guarda\",\"isPartOf\":{\"@id\":\"https:\\\/\\\/www.turismoaguarda.es\\\/#website\"},\"primaryImageOfPage\":{\"@id\":\"https:\\\/\\\/www.turismoaguarda.es\\\/gl\\\/casco-urbano-y-antiguo\\\/#primaryimage\"},\"image\":{\"@id\":\"https:\\\/\\\/www.turismoaguarda.es\\\/gl\\\/casco-urbano-y-antiguo\\\/#primaryimage\"},\"thumbnailUrl\":\"http:\\\/\\\/www.turismoaguarda.es\\\/wp-content\\\/uploads\\\/2016\\\/07\\\/360.png\",\"datePublished\":\"2016-05-24T21:38:58+00:00\",\"dateModified\":\"2017-05-22T21:14:34+00:00\",\"breadcrumb\":{\"@id\":\"https:\\\/\\\/www.turismoaguarda.es\\\/gl\\\/casco-urbano-y-antiguo\\\/#breadcrumb\"},\"inLanguage\":\"gl\",\"potentialAction\":[{\"@type\":\"ReadAction\",\"target\":[\"https:\\\/\\\/www.turismoaguarda.es\\\/gl\\\/casco-urbano-y-antiguo\\\/\"]}]},{\"@type\":\"ImageObject\",\"inLanguage\":\"gl\",\"@id\":\"https:\\\/\\\/www.turismoaguarda.es\\\/gl\\\/casco-urbano-y-antiguo\\\/#primaryimage\",\"url\":\"http:\\\/\\\/www.turismoaguarda.es\\\/wp-content\\\/uploads\\\/2016\\\/07\\\/360.png\",\"contentUrl\":\"http:\\\/\\\/www.turismoaguarda.es\\\/wp-content\\\/uploads\\\/2016\\\/07\\\/360.png\"},{\"@type\":\"BreadcrumbList\",\"@id\":\"https:\\\/\\\/www.turismoaguarda.es\\\/gl\\\/casco-urbano-y-antiguo\\\/#breadcrumb\",\"itemListElement\":[{\"@type\":\"ListItem\",\"position\":1,\"name\":\"Portada\",\"item\":\"https:\\\/\\\/www.turismoaguarda.es\\\/gl\\\/\"},{\"@type\":\"ListItem\",\"position\":2,\"name\":\"Casco urbano y antiguo\"}]},{\"@type\":\"WebSite\",\"@id\":\"https:\\\/\\\/www.turismoaguarda.es\\\/#website\",\"url\":\"https:\\\/\\\/www.turismoaguarda.es\\\/\",\"name\":\"Turismo A Guarda\",\"description\":\"Informaci\u00f3n tur\u00edstica de A Guarda y alrededores.\",\"potentialAction\":[{\"@type\":\"SearchAction\",\"target\":{\"@type\":\"EntryPoint\",\"urlTemplate\":\"https:\\\/\\\/www.turismoaguarda.es\\\/?s={search_term_string}\"},\"query-input\":{\"@type\":\"PropertyValueSpecification\",\"valueRequired\":true,\"valueName\":\"search_term_string\"}}],\"inLanguage\":\"gl\"}]}<\/script>\n<!-- \/ Yoast SEO plugin. -->","yoast_head_json":{"title":"Casco urbano y antiguo | Turismo A Guarda","robots":{"index":"index","follow":"follow","max-snippet":"max-snippet:-1","max-image-preview":"max-image-preview:large","max-video-preview":"max-video-preview:-1"},"canonical":"https:\/\/www.turismoaguarda.es\/gl\/casco-urbano-y-antiguo\/","og_locale":"en_US","og_type":"article","og_title":"Casco urbano y antiguo | Turismo A Guarda","og_description":"[vc_row el_id=&#8221;accesos-rapidos&#8221; el_class=&#8221;photolinks&#8221;][vc_column width=&#8221;1\/6&#8243;][vc_single_image image=&#8221;1470&#8243; img_size=&#8221;512&#215;256&#8243; onclick=&#8221;custom_link&#8221; link=&#8221;\/casco-urbano-y-antiguo\/#casco-antiguo&#8221;][vc_column_text]C. Antigo[\/vc_column_text][\/vc_column][vc_column width=&#8221;1\/6&#8243;][vc_single_image image=&#8221;1472&#8243; img_size=&#8221;512&#215;256&#8243; onclick=&#8221;custom_link&#8221; link=&#8221;\/casco-urbano-y-antiguo\/#casco-urbano&#8221;][vc_column_text]C. urbano[\/vc_column_text][\/vc_column][vc_column width=&#8221;1\/6&#8243;][vc_single_image image=&#8221;1458&#8243; img_size=&#8221;512&#215;256&#8243; onclick=&#8221;custom_link&#8221; link=&#8221;\/casco-urbano-y-antiguo\/#ruta-urbana&#8221;][vc_column_text]Ruta urbana[\/vc_column_text][\/vc_column][vc_column width=&#8221;1\/6&#8243;][vc_single_image image=&#8221;1471&#8243; img_size=&#8221;512&#215;256&#8243; onclick=&#8221;custom_link&#8221; link=&#8221;\/casco-urbano-y-antiguo\/#ruta-de-las-casas-indianas&#8221;][vc_column_text]Casas Indianas[\/vc_column_text][\/vc_column][vc_column width=&#8221;1\/6&#8243;][vc_single_image image=&#8221;1406&#8243; img_size=&#8221;512&#215;256&#8243; onclick=&#8221;custom_link&#8221; link=&#8221;\/casco-urbano-y-antiguo\/#centro-cultural&#8221;][vc_column_text]Centro cultural[\/vc_column_text][\/vc_column][vc_column width=&#8221;1\/6&#8243;][vc_single_image image=&#8221;1841&#8243; img_size=&#8221;512&#215;256&#8243; onclick=&#8221;custom_link&#8221; link=&#8221;\/casco-urbano-y-antiguo\/#plaza-de-abastos&#8221;][vc_column_text]Plz. Abastos[\/vc_column_text][\/vc_column][\/vc_row][vc_row el_id=&#8221;casco-antiguo&#8221;][vc_column][vc_custom_heading text=&#8221;CASCO ANTIGO&#8221; use_theme_fonts=&#8221;yes&#8221; el_class=&#8221;title title&#8211;underline&#8221;][vc_single_image image=&#8221;1731&#8243; img_size=&#8221;747&#215;250&#8243; style=&#8221;vc_box_outline&#8221; onclick=&#8221;link_image&#8221;][vc_column_text]No Porto at\u00f3pase o convento das Beneditinas,Leer m\u00e1is","og_url":"https:\/\/www.turismoaguarda.es\/gl\/casco-urbano-y-antiguo\/","og_site_name":"Turismo A Guarda","article_publisher":"https:\/\/es-es.facebook.com\/Turismo-A-Guarda-126223240790625\/","article_modified_time":"2017-05-22T21:14:34+00:00","og_image":[{"url":"http:\/\/www.turismoaguarda.es\/wp-content\/uploads\/2016\/07\/360.png","type":"","width":"","height":""}],"twitter_card":"summary_large_image","twitter_site":"@TurismoAGuarda","twitter_misc":{"Est. reading time":"5 minutes"},"schema":{"@context":"https:\/\/schema.org","@graph":[{"@type":"WebPage","@id":"https:\/\/www.turismoaguarda.es\/gl\/casco-urbano-y-antiguo\/","url":"https:\/\/www.turismoaguarda.es\/gl\/casco-urbano-y-antiguo\/","name":"Casco urbano y antiguo | Turismo A Guarda","isPartOf":{"@id":"https:\/\/www.turismoaguarda.es\/#website"},"primaryImageOfPage":{"@id":"https:\/\/www.turismoaguarda.es\/gl\/casco-urbano-y-antiguo\/#primaryimage"},"image":{"@id":"https:\/\/www.turismoaguarda.es\/gl\/casco-urbano-y-antiguo\/#primaryimage"},"thumbnailUrl":"http:\/\/www.turismoaguarda.es\/wp-content\/uploads\/2016\/07\/360.png","datePublished":"2016-05-24T21:38:58+00:00","dateModified":"2017-05-22T21:14:34+00:00","breadcrumb":{"@id":"https:\/\/www.turismoaguarda.es\/gl\/casco-urbano-y-antiguo\/#breadcrumb"},"inLanguage":"gl","potentialAction":[{"@type":"ReadAction","target":["https:\/\/www.turismoaguarda.es\/gl\/casco-urbano-y-antiguo\/"]}]},{"@type":"ImageObject","inLanguage":"gl","@id":"https:\/\/www.turismoaguarda.es\/gl\/casco-urbano-y-antiguo\/#primaryimage","url":"http:\/\/www.turismoaguarda.es\/wp-content\/uploads\/2016\/07\/360.png","contentUrl":"http:\/\/www.turismoaguarda.es\/wp-content\/uploads\/2016\/07\/360.png"},{"@type":"BreadcrumbList","@id":"https:\/\/www.turismoaguarda.es\/gl\/casco-urbano-y-antiguo\/#breadcrumb","itemListElement":[{"@type":"ListItem","position":1,"name":"Portada","item":"https:\/\/www.turismoaguarda.es\/gl\/"},{"@type":"ListItem","position":2,"name":"Casco urbano y antiguo"}]},{"@type":"WebSite","@id":"https:\/\/www.turismoaguarda.es\/#website","url":"https:\/\/www.turismoaguarda.es\/","name":"Turismo A Guarda","description":"Informaci\u00f3n tur\u00edstica de A Guarda y alrededores.","potentialAction":[{"@type":"SearchAction","target":{"@type":"EntryPoint","urlTemplate":"https:\/\/www.turismoaguarda.es\/?s={search_term_string}"},"query-input":{"@type":"PropertyValueSpecification","valueRequired":true,"valueName":"search_term_string"}}],"inLanguage":"gl"}]}},"_links":{"self":[{"href":"https:\/\/www.turismoaguarda.es\/gl\/wp-json\/wp\/v2\/pages\/2254","targetHints":{"allow":["GET"]}}],"collection":[{"href":"https:\/\/www.turismoaguarda.es\/gl\/wp-json\/wp\/v2\/pages"}],"about":[{"href":"https:\/\/www.turismoaguarda.es\/gl\/wp-json\/wp\/v2\/types\/page"}],"author":[{"embeddable":true,"href":"https:\/\/www.turismoaguarda.es\/gl\/wp-json\/wp\/v2\/users\/4"}],"replies":[{"embeddable":true,"href":"https:\/\/www.turismoaguarda.es\/gl\/wp-json\/wp\/v2\/comments?post=2254"}],"version-history":[{"count":5,"href":"https:\/\/www.turismoaguarda.es\/gl\/wp-json\/wp\/v2\/pages\/2254\/revisions"}],"predecessor-version":[{"id":4601,"href":"https:\/\/www.turismoaguarda.es\/gl\/wp-json\/wp\/v2\/pages\/2254\/revisions\/4601"}],"wp:attachment":[{"href":"https:\/\/www.turismoaguarda.es\/gl\/wp-json\/wp\/v2\/media?parent=2254"}],"curies":[{"name":"wp","href":"https:\/\/api.w.org\/{rel}","templated":true}]}}