{"id":1832,"date":"2016-05-24T21:05:47","date_gmt":"2016-05-24T21:05:47","guid":{"rendered":"http:\/\/turismoaguarda.es\/monte-santa-trega\/?lang=gl"},"modified":"2026-04-01T13:23:25","modified_gmt":"2026-04-01T11:23:25","slug":"monte-santa-trega","status":"publish","type":"page","link":"https:\/\/www.turismoaguarda.es\/gl\/monte-santa-trega\/","title":{"rendered":"Monte Santa Trega"},"content":{"rendered":"<p>[vc_row el_class=&#8221;photolinks&#8221; el_id=&#8221;accesos-rapidos&#8221;][vc_column width=&#8221;1\/6&#8243;][vc_single_image image=&#8221;8072&#8243; img_size=&#8221;512&#215;256&#8243; onclick=&#8221;custom_link&#8221; link=&#8221;\/monte-santa-trega\/#citania-de-santa-trega&#8221;][vc_column_text]Citania[\/vc_column_text][\/vc_column][vc_column width=&#8221;1\/6&#8243;][vc_single_image image=&#8221;14487&#8243; img_size=&#8221;512&#215;256&#8243; onclick=&#8221;custom_link&#8221; link=&#8221;\/monte-santa-trega\/#masat&#8221;][vc_column_text]Masat[\/vc_column_text][\/vc_column][vc_column width=&#8221;1\/6&#8243;][vc_single_image image=&#8221;14485&#8243; img_size=&#8221;512&#215;256&#8243; onclick=&#8221;custom_link&#8221; link=&#8221;\/monte-santa-trega\/#capilla-de-santa-trega&#8221;][vc_column_text]Ermida[\/vc_column_text][\/vc_column][vc_column width=&#8221;1\/6&#8243;][vc_single_image image=&#8221;14488&#8243; img_size=&#8221;512&#215;256&#8243; onclick=&#8221;custom_link&#8221; link=&#8221;\/monte-santa-trega\/#paisajes&#8221;][vc_column_text]Paisaxes[\/vc_column_text][\/vc_column][vc_column width=&#8221;1\/6&#8243;][vc_single_image image=&#8221;14489&#8243; img_size=&#8221;512&#215;256&#8243; onclick=&#8221;custom_link&#8221; link=&#8221;\/monte-santa-trega\/#caminos-del-trega&#8221;][vc_column_text]Cami\u00f1os[\/vc_column_text][\/vc_column][vc_column width=&#8221;1\/6&#8243;][vc_single_image image=&#8221;8076&#8243; img_size=&#8221;512&#215;256&#8243; onclick=&#8221;custom_link&#8221; link=&#8221;\/monte-santa-trega\/#visitas-guiadas&#8221;][vc_column_text]Visitas guiadas[\/vc_column_text][\/vc_column][\/vc_row][vc_row el_id=&#8221;intro&#8221;][vc_column][vc_custom_heading text=&#8221;INTRODUCI\u00d3N&#8221; use_theme_fonts=&#8221;yes&#8221; el_class=&#8221;title title&#8211;underline&#8221;][vc_column_text]A Guarda \u00e9 un dos enclaves tur\u00edsticos m\u00e1is importantes de Galicia, en gran parte polo Monte Trega, lugar de visita obrigada polos seus interesantes valores arqueol\u00f3xicos, relixiosos e paisax\u00edsticos. A citania de Santa Trega est\u00e1 considerada como un dos exemplos de cultura castrexa &#8211; romana m\u00e1is importante do Noroeste peninsular. O legado relixioso material\u00edzase nos V\u00eda Crucis, o cruceiro de San Francisco e a ermida de Santa Trega. Os Picos de O Facho e San Francisco ofrecen inmellorables panor\u00e1micas da desembocadura do Mi\u00f1o, Portugal, o oc\u00e9ano Atl\u00e1ntico e o val do Rosal.[\/vc_column_text][vc_gallery type=&#8221;image_grid&#8221; images=&#8221;14500,8001,14497,8005,14493,14494,14486,14496,14498,14499&#8243; img_size=&#8221;140&#215;100&#8243;][\/vc_column][\/vc_row][vc_row el_id=&#8221;citania-de-santa-trega&#8221;][vc_column][vc_custom_heading text=&#8221;CITANIA DE SANTA TREGA&#8221; use_theme_fonts=&#8221;yes&#8221; el_class=&#8221;title title&#8211;underline&#8221;][vc_single_image image=&#8221;14490&#8243; img_size=&#8221;747&#215;250&#8243; alignment=&#8221;center&#8221; style=&#8221;vc_box_outline&#8221; onclick=&#8221;link_image&#8221;][vc_column_text]O gran xacemento arqueol\u00f3xico que ocupa unhas 20 has de superficie, das cales tan s\u00f3 unha pequena parte est\u00e1 escavada, ten as s\u00faas orixes documentadas no s. IV a. C. alcanzando o seu maior grao de desenvolvemento no cambio de era. Na pen\u00ednsula do Trega desenv\u00f3lvese unha verdadeira cidade, de entre 3000 e 5000 habitantes na que confl\u00faen as culturas mediterr\u00e1neas e atl\u00e1nticas. A Sociedade Pro Monte, nacida en 1912 polo interese de indianos guardeses, inician as campa\u00f1as de escavaci\u00f3n nas que participaron sucesivamente Ignacio Calvo, Cayetano Mergelina, Manuel Fern\u00e1ndez e De la Pe\u00f1a Santos. A principios de 2016 finalizaba a \u00faltima, que, dirixida por Rafael Rodr\u00edguez e financiada pola Deputaci\u00f3n de Pontevedra e o Ministerio de Fomento, consistiu en escavar de novo a zona xa estudada entre 1928-1933 polo arque\u00f3logo da Universidade de Valladolid Cayetano Mergelina y Luna.[\/vc_column_text][\/vc_column][\/vc_row][vc_row el_id=&#8221;masat&#8221;][vc_column][vc_custom_heading text=&#8221;MASAT&#8221; use_theme_fonts=&#8221;yes&#8221; el_class=&#8221;title title&#8211;underline&#8221;][vc_single_image image=&#8221;14491&#8243; img_size=&#8221;747&#215;250&#8243; alignment=&#8221;center&#8221; style=&#8221;vc_box_outline&#8221; onclick=&#8221;link_image&#8221;][vc_column_text]O Museo Arqueol\u00f3xico de Sta. Trega (MASAT) ocupa o edificio dese\u00f1ado como restaurante polo arquitecto porri\u00f1\u00e9s Antonio Palacios. Por subscrici\u00f3n popular a Sociedade pro Monte compra e adapta o inmoble inaugurado como Museo en 1953 e no que se depositaron os materiais almacenados ata ese momento nun c\u00e9ntrico local da Guarda. Ofrece o MASAT unha completa colecci\u00f3n de labras e esv\u00e1sticas, de moedas romanas, de obxectos cer\u00e1micos, vidro&#8230; e como pezas singulares destacan un espl\u00e9ndido remate de torques decorado con finas filigranas e o <em>cabez\u00f3n do Trega<\/em>, o achado m\u00e1is emblem\u00e1tico das escavaci\u00f3ns realizadas recentemente.<\/p>\n<p><a href=\"https:\/\/www.turismoaguarda.es\/gl\/masat\/\">+ Informaci\u00f3n<\/a><\/p>\n<p><a class=\"fancyiframe\" href=\"https:\/\/www.google.es\/maps\/uv?hl=es&amp;pb=!1s0xd25c028cb4e843d:0x9e261e173046d7da!2m5!2m2!1i80!2i80!3m1!2i100!3m1!7e115!4s\/maps\/place\/masat%2Ba%2Bguarda\/@41.8884445,-8.8711584,3a,75y,280.91h,90t\/data%3D*213m4*211e1*213m2*211sJY5xMH0BWmEAAAQWj03Pbg*212e0*214m2*213m1*211s0x0:0x9e261e173046d7da!5smasat+a+guarda+-+Buscar+con+Google&amp;imagekey=!1e2!2sJY5xMH0BWmEAAAQWj03Pbg&amp;sa=X&amp;ved=0ahUKEwjrh-i0ltzNAhVEWRQKHTZhAbgQoB8IbzAK\">+ Visita Virtual<\/a>[\/vc_column_text][\/vc_column][\/vc_row][vc_row el_id=&#8221;capilla-de-santa-trega&#8221;][vc_column][vc_custom_heading text=&#8221;ERMIDA DE SANTA TREGA&#8221; use_theme_fonts=&#8221;yes&#8221; el_class=&#8221;title title&#8211;underline&#8221;][vc_single_image image=&#8221;14486&#8243; img_size=&#8221;747&#215;250&#8243; alignment=&#8221;center&#8221; style=&#8221;vc_box_outline&#8221; onclick=&#8221;link_image&#8221;][vc_column_text]No pico de san Francisco sit\u00faase a ermida de Santa Trega. Posiblemente a monxa Exeria tras regresar da s\u00faa peregrinaci\u00f3n por Oriente, introduciu a devoci\u00f3n pola Santa entre os ermit\u00e1ns do Baixo Mi\u00f1o na Alta Idade Media. A\u00ednda que a existencia dunha ermida est\u00e1 documentada xa no s. XII, foron as reformas e ampliaci\u00f3ns do s. XVI e XVII as que lle confiren o seu aspecto actual. Escavaci\u00f3ns realizadas en 1994 permitiron descubrir varios sepulcros visigodos que evidencian a relixiosidade do lugar.[\/vc_column_text][\/vc_column][\/vc_row][vc_row el_id=&#8221;cruces-y-cruceiro&#8221;][vc_column][vc_custom_heading text=&#8221;CRUCES E CRUCEIRO&#8221; use_theme_fonts=&#8221;yes&#8221; el_class=&#8221;title title&#8211;underline&#8221;][vc_column_text]<img loading=\"lazy\" decoding=\"async\" class=\"size-medium wp-image-1565 alignright\" src=\"http:\/\/www.turismoaguarda.es\/wp-content\/uploads\/2016\/05\/viacrucis-300x199.jpg\" alt=\"viacrucis\" width=\"300\" height=\"199\" srcset=\"https:\/\/www.turismoaguarda.es\/wp-content\/uploads\/2016\/05\/viacrucis-300x199.jpg 300w, https:\/\/www.turismoaguarda.es\/wp-content\/uploads\/2016\/05\/viacrucis-768x509.jpg 768w, https:\/\/www.turismoaguarda.es\/wp-content\/uploads\/2016\/05\/viacrucis.jpg 1024w, https:\/\/www.turismoaguarda.es\/wp-content\/uploads\/2016\/05\/viacrucis-531x354.jpg 531w\" sizes=\"auto, (max-width: 300px) 100vw, 300px\" \/>Unha mostra da gran tradici\u00f3n relixiosa e devoci\u00f3n \u00e1 m\u00e1rtir de Iconio son as diferentes festividades relixiosas como a romar\u00eda do 23 de setembro en honra \u00e1 Santa ou a centenaria procesi\u00f3n do Voto o \u00faltimo s\u00e1bado de agosto. Nela os fieis percorren as estaci\u00f3ns do moderno Via Crucis, obra do escultor valenciano Vicent Mengual, que substit\u00fae ao antigo de factura moito m\u00e1is sinxela. Diante da ermida lev\u00e1ntase un interesante cruceiro do s\u00e9culo XVI dedicado a san Francisco que lembra a presenza desta orde relixiosa na Insua, pequena illa portuguesa emprazada en plena confluencia do r\u00edo co mar.[\/vc_column_text][\/vc_column][\/vc_row][vc_row el_id=&#8221;paisajes&#8221;][vc_column][vc_custom_heading text=&#8221;PAISAXES&#8221; use_theme_fonts=&#8221;yes&#8221; el_class=&#8221;title title&#8211;underline&#8221;][vc_single_image image=&#8221;14495&#8243; img_size=&#8221;747&#215;250&#8243; alignment=&#8221;center&#8221; style=&#8221;vc_box_outline&#8221; onclick=&#8221;link_image&#8221;][vc_column_text]O Monte Santa Trega er\u00edxese como un excelente miradoiro natural cunhas magn\u00edficas vistas cara ao esteiro do Mi\u00f1o, Portugal, val do Rosal e Oc\u00e9ano Atl\u00e1ntico. Durante a ascensi\u00f3n do monte diferentes miradoiros permiten descubrir en detalle a contorna. D\u00faas elevaci\u00f3ns dist\u00ednguense na cima do monte: O Pico do Facho de 328 metros ofrece unha ampla panor\u00e1mica sobre o val do Rosal, o centro urbano e, sobre todo, ao porto pesqueiro. Antigamente acend\u00edase polas noites unha fogueira ou facho para indicar \u00e1s poboaci\u00f3ns pr\u00f3ximas que non hab\u00eda perigos e cunha segunda fogueira inform\u00e1base da presenza de intrusos no mar. O Pico de San Francisco \u00e9 o punto m\u00e1is elevado do Monte Santa Trega con 341 metros e ofrece unhas inmellorables visitas panor\u00e1micas. O seu nome fai referencia \u00e1 s\u00faa orientaci\u00f3n \u00e1 desembocadura do Mi\u00f1o, ao illote da Insua onde habitaron os monxes franciscanos. Neste pico local\u00edzase o estacionamento para veh\u00edculos e autobuses, os establecementos hostaleiros, a capela de Santa Trega, o MASAT e na zona m\u00e1is elevada, un petr\u00f3glifo.[\/vc_column_text][\/vc_column][\/vc_row][vc_row el_id=&#8221;caminos-del-trega&#8221;][vc_column][vc_custom_heading text=&#8221;CAMI\u00d1OS DO TREGA&#8221; use_theme_fonts=&#8221;yes&#8221; el_class=&#8221;title title&#8211;underline&#8221;][vc_single_image image=&#8221;14493&#8243; img_size=&#8221;747&#215;250&#8243; alignment=&#8221;center&#8221; style=&#8221;vc_box_outline&#8221; onclick=&#8221;link_image&#8221;][vc_column_text]Unha rede de cami\u00f1os empedrados e de carreiros homologados como ruta de sendeirismo PR-G 122 Cami\u00f1os do Trega permite co\u00f1ecer m\u00e1is detidamente o Monte. Son un total de sete cami\u00f1os unidos entre si ata completar unha distancia total de pouco m\u00e1is de 7 km. Estas sendas permiten contemplar sosegadamente os recursos e valores que o monte esconde.<\/p>\n<p><a href=\"http:\/\/www.turismoaguarda.es\/wp-content\/uploads\/2016\/06\/a-guarda-prg122-caminos-del-trega.pdf\" target=\"_blank\" rel=\"noopener noreferrer\">+ Ruta PRG 122<\/a>[\/vc_column_text][\/vc_column][\/vc_row][vc_row el_id=&#8221;visitas-guiadas&#8221;][vc_column][vc_custom_heading text=&#8221;TAXAS E VISITAS GUIADAS&#8221; use_theme_fonts=&#8221;yes&#8221; el_class=&#8221;title title&#8211;underline&#8221;][vc_column_text]TAXA DE ACCESO AO MONTE E AO MASAT:<\/p>\n<p>Taxa de acceso ao Monte Santa Trega:<\/p>\n<ul>\n<li>Tasa de acceso en veh\u00edculo privado (incl\u00fae ao condutor):\n<ul>\n<li>3 \u20ac coche.<\/li>\n<li>4 \u20ac caravana.<\/li>\n<li>2 \u20ac moto.<\/li>\n<li>1,50 pasaxeiros adultos.<\/li>\n<li>1 \u20ac pasaxeiros de tarifa reducida: nenos de 6 a 14 anos, titulares de Carn\u00e9 Xoven ou membros de familia numerosa.<\/li>\n<li>Esta taxa incl\u00fae a entrada ao MASAT, Museo.<\/li>\n<\/ul>\n<\/li>\n<li>Taxa por acceso en autocar:\n<ul>\n<li>S\u00f3 pagan os pasaxeiros<\/li>\n<li>Acceso libre condutor, gu\u00edas ou monitores acompa\u00f1antes.<\/li>\n<li>Esta taxa incl\u00fae a entrada ao MASAT, Museo.<\/li>\n<li>D\u00eda gratu\u00edto: os luns e demais d\u00edas de peche do MASAT.<\/li>\n<\/ul>\n<\/li>\n<\/ul>\n<p>Taxa de acceso ao MASAT para persoas que acceden a p\u00e9:<\/p>\n<ul>\n<li>1,50 pasaxeiros adultos<\/li>\n<li>1 \u20ac pasaxeiros de tarifa reducida: nenos de 6 a 14 anos, titulares de Carn\u00e9 Xove ou membros de familia numerosa.<\/li>\n<li>O d\u00eda gratu\u00edto: primeiro s\u00e1bado de cada mes e festivos locais (en 2026: 16 de xullo e 23 de setembro).<\/li>\n<\/ul>\n<p>Os d\u00edas da Romar\u00eda das Festas do Monte (en 2026: domingo 9 de agosto) e o 23 de setembro, d\u00eda da celebraci\u00f3n da Romar\u00eda da Virxe Santa Trega queda restrinxido o acceso en veh\u00edculo e estar\u00e1 pechado o MASAT.<\/p>\n<p><strong>Taxas en vigor desde o 22 de xu\u00f1o de 2021<\/strong>: M\u00e1is informaci\u00f3n en <a href=\"https:\/\/www.turismoaguarda.es\/wp-content\/uploads\/2021\/06\/BOPPO-21-06-2021-aprobacion-definitiva-modificaci\u00f3n-ordenanza-visita-a-museos.pdf\" target=\"_blank\" rel=\"noopener noreferrer\">Ordenanza Visita a Museos de A Guarda<\/a> (s\u00f3 en galego).<\/p>\n<p>&nbsp;<\/p>\n<p>VISITAS GUIADAS CONCERTADAS A GRUPOS:<\/p>\n<ul>\n<li>Solicitar disponibilidade e demais condici\u00f3n en MASAT (tel. 690 01 70 38 \/ masat@aguarda.es) ou ben na Oficina de Turismo (tel. 986 61 45 46 \/ turismo@aguarda.es)<\/li>\n<li>Grupos de m\u00ednimo de 12 persoas.<\/li>\n<li>Tarifa da visita concertada para grupos:\n<ul>\n<li>5 \u20ac por adulto<\/li>\n<li>3 \u20ac para as persoas con tarifa reducida (nenos entre 6 e 14 anos, titulares de Carn\u00e9 Xoven e membros de familias numerosas).<\/li>\n<li>Incl\u00fae a tasa de acceso ao Monte Santa Trega e ao MASAT.<\/li>\n<\/ul>\n<\/li>\n<\/ul>\n<p>&nbsp;<\/p>\n<p>VISITAS GUIADAS REGULARES:<\/p>\n<p>As distintas visitas guiadas regulares que o Padroado Municipal Monte Trega ofrece aos visitantes permiten aos interesados co\u00f1ecer con m\u00e1is detalle o patrimonio constru\u00eddo e inmaterial que esconde o monte. Estas visitas son gratu\u00edtas e non precisan reserva previa. Para dudas podese consultar co MASAT (tel. 690 01 70 38 \/ masat@aguarda.es). A s\u00faa duraci\u00f3n e horario var\u00eda segundo a \u00e9poca do ano.<\/p>\n<p><a href=\"https:\/\/www.turismoaguarda.es\/wp-content\/uploads\/2026\/03\/tn_VISITAS-GUIADAS-SEMANA-SANTA-2026_page-0001.jpg\"><img loading=\"lazy\" decoding=\"async\" class=\"aligncenter wp-image-18412\" src=\"https:\/\/www.turismoaguarda.es\/wp-content\/uploads\/2026\/03\/tn_VISITAS-GUIADAS-SEMANA-SANTA-2026_page-0001.jpg\" alt=\"\" width=\"865\" height=\"1225\" srcset=\"https:\/\/www.turismoaguarda.es\/wp-content\/uploads\/2026\/03\/tn_VISITAS-GUIADAS-SEMANA-SANTA-2026_page-0001.jpg 353w, https:\/\/www.turismoaguarda.es\/wp-content\/uploads\/2026\/03\/tn_VISITAS-GUIADAS-SEMANA-SANTA-2026_page-0001-212x300.jpg 212w, https:\/\/www.turismoaguarda.es\/wp-content\/uploads\/2026\/03\/tn_VISITAS-GUIADAS-SEMANA-SANTA-2026_page-0001-150x212.jpg 150w\" sizes=\"auto, (max-width: 865px) 100vw, 865px\" \/><\/a>[\/vc_column_text][\/vc_column][\/vc_row][vc_row][vc_column][vc_column_text]<\/p>\n<p>[\/vc_column_text][\/vc_column][\/vc_row]<\/p>\n","protected":false},"excerpt":{"rendered":"<p>[vc_row el_class=&#8221;photolinks&#8221; el_id=&#8221;accesos-rapidos&#8221;][vc_column width=&#8221;1\/6&#8243;][vc_single_image image=&#8221;8072&#8243; img_size=&#8221;512&#215;256&#8243; onclick=&#8221;custom_link&#8221; link=&#8221;\/monte-santa-trega\/#citania-de-santa-trega&#8221;][vc_column_text]Citania[\/vc_column_text][\/vc_column][vc_column width=&#8221;1\/6&#8243;][vc_single_image image=&#8221;14487&#8243; img_size=&#8221;512&#215;256&#8243; onclick=&#8221;custom_link&#8221; link=&#8221;\/monte-santa-trega\/#masat&#8221;][vc_column_text]Masat[\/vc_column_text][\/vc_column][vc_column width=&#8221;1\/6&#8243;][vc_single_image image=&#8221;14485&#8243; img_size=&#8221;512&#215;256&#8243; onclick=&#8221;custom_link&#8221; link=&#8221;\/monte-santa-trega\/#capilla-de-santa-trega&#8221;][vc_column_text]Ermida[\/vc_column_text][\/vc_column][vc_column width=&#8221;1\/6&#8243;][vc_single_image image=&#8221;14488&#8243; img_size=&#8221;512&#215;256&#8243; onclick=&#8221;custom_link&#8221; link=&#8221;\/monte-santa-trega\/#paisajes&#8221;][vc_column_text]Paisaxes[\/vc_column_text][\/vc_column][vc_column width=&#8221;1\/6&#8243;][vc_single_image image=&#8221;14489&#8243; img_size=&#8221;512&#215;256&#8243; onclick=&#8221;custom_link&#8221; link=&#8221;\/monte-santa-trega\/#caminos-del-trega&#8221;][vc_column_text]Cami\u00f1os[\/vc_column_text][\/vc_column][vc_column width=&#8221;1\/6&#8243;][vc_single_image image=&#8221;8076&#8243; img_size=&#8221;512&#215;256&#8243; onclick=&#8221;custom_link&#8221; link=&#8221;\/monte-santa-trega\/#visitas-guiadas&#8221;][vc_column_text]Visitas guiadas[\/vc_column_text][\/vc_column][\/vc_row][vc_row el_id=&#8221;intro&#8221;][vc_column][vc_custom_heading text=&#8221;INTRODUCI\u00d3N&#8221; use_theme_fonts=&#8221;yes&#8221; el_class=&#8221;title title&#8211;underline&#8221;][vc_column_text]A Guarda \u00e9 un dos enclaves tur\u00edsticos m\u00e1is importantes de Galicia, en gran parte polo Monte Trega,<\/p>\n<div class=\"padding-top text-center\"><a href=\"https:\/\/www.turismoaguarda.es\/gl\/monte-santa-trega\/\" class=\"atbtn atbtn--medium atbtn--rounded atbtn--transparent\">Leer m\u00e1is<i class=\"atbtn__icon atbtn__icon--right fa fa-long-arrow-right\"><\/i><\/a><\/div>\n","protected":false},"author":4,"featured_media":0,"parent":0,"menu_order":0,"comment_status":"closed","ping_status":"closed","template":"template-page-with-sidebar.php","meta":{"footnotes":""},"class_list":["post-1832","page","type-page","status-publish","hentry"],"yoast_head":"<!-- This site is optimized with the Yoast SEO plugin v27.5 - https:\/\/yoast.com\/product\/yoast-seo-wordpress\/ -->\n<title>Monte Santa Trega | Turismo A Guarda<\/title>\n<meta name=\"robots\" content=\"index, follow, max-snippet:-1, max-image-preview:large, max-video-preview:-1\" \/>\n<link rel=\"canonical\" href=\"https:\/\/www.turismoaguarda.es\/gl\/monte-santa-trega\/\" \/>\n<meta property=\"og:locale\" content=\"en_US\" \/>\n<meta property=\"og:type\" content=\"article\" \/>\n<meta property=\"og:title\" content=\"Monte Santa Trega | Turismo A Guarda\" \/>\n<meta property=\"og:description\" content=\"[vc_row el_class=&#8221;photolinks&#8221; el_id=&#8221;accesos-rapidos&#8221;][vc_column width=&#8221;1\/6&#8243;][vc_single_image image=&#8221;8072&#8243; img_size=&#8221;512&#215;256&#8243; onclick=&#8221;custom_link&#8221; link=&#8221;\/monte-santa-trega\/#citania-de-santa-trega&#8221;][vc_column_text]Citania[\/vc_column_text][\/vc_column][vc_column width=&#8221;1\/6&#8243;][vc_single_image image=&#8221;14487&#8243; img_size=&#8221;512&#215;256&#8243; onclick=&#8221;custom_link&#8221; link=&#8221;\/monte-santa-trega\/#masat&#8221;][vc_column_text]Masat[\/vc_column_text][\/vc_column][vc_column width=&#8221;1\/6&#8243;][vc_single_image image=&#8221;14485&#8243; img_size=&#8221;512&#215;256&#8243; onclick=&#8221;custom_link&#8221; link=&#8221;\/monte-santa-trega\/#capilla-de-santa-trega&#8221;][vc_column_text]Ermida[\/vc_column_text][\/vc_column][vc_column width=&#8221;1\/6&#8243;][vc_single_image image=&#8221;14488&#8243; img_size=&#8221;512&#215;256&#8243; onclick=&#8221;custom_link&#8221; link=&#8221;\/monte-santa-trega\/#paisajes&#8221;][vc_column_text]Paisaxes[\/vc_column_text][\/vc_column][vc_column width=&#8221;1\/6&#8243;][vc_single_image image=&#8221;14489&#8243; img_size=&#8221;512&#215;256&#8243; onclick=&#8221;custom_link&#8221; link=&#8221;\/monte-santa-trega\/#caminos-del-trega&#8221;][vc_column_text]Cami\u00f1os[\/vc_column_text][\/vc_column][vc_column width=&#8221;1\/6&#8243;][vc_single_image image=&#8221;8076&#8243; img_size=&#8221;512&#215;256&#8243; onclick=&#8221;custom_link&#8221; link=&#8221;\/monte-santa-trega\/#visitas-guiadas&#8221;][vc_column_text]Visitas guiadas[\/vc_column_text][\/vc_column][\/vc_row][vc_row el_id=&#8221;intro&#8221;][vc_column][vc_custom_heading text=&#8221;INTRODUCI\u00d3N&#8221; use_theme_fonts=&#8221;yes&#8221; el_class=&#8221;title title&#8211;underline&#8221;][vc_column_text]A Guarda \u00e9 un dos enclaves tur\u00edsticos m\u00e1is importantes de Galicia, en gran parte polo Monte Trega,Leer m\u00e1is\" \/>\n<meta property=\"og:url\" content=\"https:\/\/www.turismoaguarda.es\/gl\/monte-santa-trega\/\" \/>\n<meta property=\"og:site_name\" content=\"Turismo A Guarda\" \/>\n<meta property=\"article:publisher\" content=\"https:\/\/es-es.facebook.com\/Turismo-A-Guarda-126223240790625\/\" \/>\n<meta property=\"article:modified_time\" content=\"2026-04-01T11:23:25+00:00\" \/>\n<meta property=\"og:image\" content=\"https:\/\/www.turismoaguarda.es\/wp-content\/uploads\/2016\/05\/viacrucis.jpg\" \/>\n\t<meta property=\"og:image:width\" content=\"1024\" \/>\n\t<meta property=\"og:image:height\" content=\"678\" \/>\n\t<meta property=\"og:image:type\" content=\"image\/jpeg\" \/>\n<meta name=\"twitter:card\" content=\"summary_large_image\" \/>\n<meta name=\"twitter:site\" content=\"@TurismoAGuarda\" \/>\n<meta name=\"twitter:label1\" content=\"Est. reading time\" \/>\n\t<meta name=\"twitter:data1\" content=\"6 minutes\" \/>\n<script type=\"application\/ld+json\" class=\"yoast-schema-graph\">{\"@context\":\"https:\\\/\\\/schema.org\",\"@graph\":[{\"@type\":\"WebPage\",\"@id\":\"https:\\\/\\\/www.turismoaguarda.es\\\/gl\\\/monte-santa-trega\\\/\",\"url\":\"https:\\\/\\\/www.turismoaguarda.es\\\/gl\\\/monte-santa-trega\\\/\",\"name\":\"Monte Santa Trega | Turismo A Guarda\",\"isPartOf\":{\"@id\":\"https:\\\/\\\/www.turismoaguarda.es\\\/#website\"},\"primaryImageOfPage\":{\"@id\":\"https:\\\/\\\/www.turismoaguarda.es\\\/gl\\\/monte-santa-trega\\\/#primaryimage\"},\"image\":{\"@id\":\"https:\\\/\\\/www.turismoaguarda.es\\\/gl\\\/monte-santa-trega\\\/#primaryimage\"},\"thumbnailUrl\":\"http:\\\/\\\/www.turismoaguarda.es\\\/wp-content\\\/uploads\\\/2016\\\/05\\\/viacrucis-300x199.jpg\",\"datePublished\":\"2016-05-24T21:05:47+00:00\",\"dateModified\":\"2026-04-01T11:23:25+00:00\",\"breadcrumb\":{\"@id\":\"https:\\\/\\\/www.turismoaguarda.es\\\/gl\\\/monte-santa-trega\\\/#breadcrumb\"},\"inLanguage\":\"gl\",\"potentialAction\":[{\"@type\":\"ReadAction\",\"target\":[\"https:\\\/\\\/www.turismoaguarda.es\\\/gl\\\/monte-santa-trega\\\/\"]}]},{\"@type\":\"ImageObject\",\"inLanguage\":\"gl\",\"@id\":\"https:\\\/\\\/www.turismoaguarda.es\\\/gl\\\/monte-santa-trega\\\/#primaryimage\",\"url\":\"http:\\\/\\\/www.turismoaguarda.es\\\/wp-content\\\/uploads\\\/2016\\\/05\\\/viacrucis-300x199.jpg\",\"contentUrl\":\"http:\\\/\\\/www.turismoaguarda.es\\\/wp-content\\\/uploads\\\/2016\\\/05\\\/viacrucis-300x199.jpg\"},{\"@type\":\"BreadcrumbList\",\"@id\":\"https:\\\/\\\/www.turismoaguarda.es\\\/gl\\\/monte-santa-trega\\\/#breadcrumb\",\"itemListElement\":[{\"@type\":\"ListItem\",\"position\":1,\"name\":\"Portada\",\"item\":\"https:\\\/\\\/www.turismoaguarda.es\\\/gl\\\/\"},{\"@type\":\"ListItem\",\"position\":2,\"name\":\"Monte Santa Trega\"}]},{\"@type\":\"WebSite\",\"@id\":\"https:\\\/\\\/www.turismoaguarda.es\\\/#website\",\"url\":\"https:\\\/\\\/www.turismoaguarda.es\\\/\",\"name\":\"Turismo A Guarda\",\"description\":\"Informaci\u00f3n tur\u00edstica de A Guarda y alrededores.\",\"potentialAction\":[{\"@type\":\"SearchAction\",\"target\":{\"@type\":\"EntryPoint\",\"urlTemplate\":\"https:\\\/\\\/www.turismoaguarda.es\\\/?s={search_term_string}\"},\"query-input\":{\"@type\":\"PropertyValueSpecification\",\"valueRequired\":true,\"valueName\":\"search_term_string\"}}],\"inLanguage\":\"gl\"}]}<\/script>\n<!-- \/ Yoast SEO plugin. -->","yoast_head_json":{"title":"Monte Santa Trega | Turismo A Guarda","robots":{"index":"index","follow":"follow","max-snippet":"max-snippet:-1","max-image-preview":"max-image-preview:large","max-video-preview":"max-video-preview:-1"},"canonical":"https:\/\/www.turismoaguarda.es\/gl\/monte-santa-trega\/","og_locale":"en_US","og_type":"article","og_title":"Monte Santa Trega | Turismo A Guarda","og_description":"[vc_row el_class=&#8221;photolinks&#8221; el_id=&#8221;accesos-rapidos&#8221;][vc_column width=&#8221;1\/6&#8243;][vc_single_image image=&#8221;8072&#8243; img_size=&#8221;512&#215;256&#8243; onclick=&#8221;custom_link&#8221; link=&#8221;\/monte-santa-trega\/#citania-de-santa-trega&#8221;][vc_column_text]Citania[\/vc_column_text][\/vc_column][vc_column width=&#8221;1\/6&#8243;][vc_single_image image=&#8221;14487&#8243; img_size=&#8221;512&#215;256&#8243; onclick=&#8221;custom_link&#8221; link=&#8221;\/monte-santa-trega\/#masat&#8221;][vc_column_text]Masat[\/vc_column_text][\/vc_column][vc_column width=&#8221;1\/6&#8243;][vc_single_image image=&#8221;14485&#8243; img_size=&#8221;512&#215;256&#8243; onclick=&#8221;custom_link&#8221; link=&#8221;\/monte-santa-trega\/#capilla-de-santa-trega&#8221;][vc_column_text]Ermida[\/vc_column_text][\/vc_column][vc_column width=&#8221;1\/6&#8243;][vc_single_image image=&#8221;14488&#8243; img_size=&#8221;512&#215;256&#8243; onclick=&#8221;custom_link&#8221; link=&#8221;\/monte-santa-trega\/#paisajes&#8221;][vc_column_text]Paisaxes[\/vc_column_text][\/vc_column][vc_column width=&#8221;1\/6&#8243;][vc_single_image image=&#8221;14489&#8243; img_size=&#8221;512&#215;256&#8243; onclick=&#8221;custom_link&#8221; link=&#8221;\/monte-santa-trega\/#caminos-del-trega&#8221;][vc_column_text]Cami\u00f1os[\/vc_column_text][\/vc_column][vc_column width=&#8221;1\/6&#8243;][vc_single_image image=&#8221;8076&#8243; img_size=&#8221;512&#215;256&#8243; onclick=&#8221;custom_link&#8221; link=&#8221;\/monte-santa-trega\/#visitas-guiadas&#8221;][vc_column_text]Visitas guiadas[\/vc_column_text][\/vc_column][\/vc_row][vc_row el_id=&#8221;intro&#8221;][vc_column][vc_custom_heading text=&#8221;INTRODUCI\u00d3N&#8221; use_theme_fonts=&#8221;yes&#8221; el_class=&#8221;title title&#8211;underline&#8221;][vc_column_text]A Guarda \u00e9 un dos enclaves tur\u00edsticos m\u00e1is importantes de Galicia, en gran parte polo Monte Trega,Leer m\u00e1is","og_url":"https:\/\/www.turismoaguarda.es\/gl\/monte-santa-trega\/","og_site_name":"Turismo A Guarda","article_publisher":"https:\/\/es-es.facebook.com\/Turismo-A-Guarda-126223240790625\/","article_modified_time":"2026-04-01T11:23:25+00:00","og_image":[{"width":1024,"height":678,"url":"https:\/\/www.turismoaguarda.es\/wp-content\/uploads\/2016\/05\/viacrucis.jpg","type":"image\/jpeg"}],"twitter_card":"summary_large_image","twitter_site":"@TurismoAGuarda","twitter_misc":{"Est. reading time":"6 minutes"},"schema":{"@context":"https:\/\/schema.org","@graph":[{"@type":"WebPage","@id":"https:\/\/www.turismoaguarda.es\/gl\/monte-santa-trega\/","url":"https:\/\/www.turismoaguarda.es\/gl\/monte-santa-trega\/","name":"Monte Santa Trega | Turismo A Guarda","isPartOf":{"@id":"https:\/\/www.turismoaguarda.es\/#website"},"primaryImageOfPage":{"@id":"https:\/\/www.turismoaguarda.es\/gl\/monte-santa-trega\/#primaryimage"},"image":{"@id":"https:\/\/www.turismoaguarda.es\/gl\/monte-santa-trega\/#primaryimage"},"thumbnailUrl":"http:\/\/www.turismoaguarda.es\/wp-content\/uploads\/2016\/05\/viacrucis-300x199.jpg","datePublished":"2016-05-24T21:05:47+00:00","dateModified":"2026-04-01T11:23:25+00:00","breadcrumb":{"@id":"https:\/\/www.turismoaguarda.es\/gl\/monte-santa-trega\/#breadcrumb"},"inLanguage":"gl","potentialAction":[{"@type":"ReadAction","target":["https:\/\/www.turismoaguarda.es\/gl\/monte-santa-trega\/"]}]},{"@type":"ImageObject","inLanguage":"gl","@id":"https:\/\/www.turismoaguarda.es\/gl\/monte-santa-trega\/#primaryimage","url":"http:\/\/www.turismoaguarda.es\/wp-content\/uploads\/2016\/05\/viacrucis-300x199.jpg","contentUrl":"http:\/\/www.turismoaguarda.es\/wp-content\/uploads\/2016\/05\/viacrucis-300x199.jpg"},{"@type":"BreadcrumbList","@id":"https:\/\/www.turismoaguarda.es\/gl\/monte-santa-trega\/#breadcrumb","itemListElement":[{"@type":"ListItem","position":1,"name":"Portada","item":"https:\/\/www.turismoaguarda.es\/gl\/"},{"@type":"ListItem","position":2,"name":"Monte Santa Trega"}]},{"@type":"WebSite","@id":"https:\/\/www.turismoaguarda.es\/#website","url":"https:\/\/www.turismoaguarda.es\/","name":"Turismo A Guarda","description":"Informaci\u00f3n tur\u00edstica de A Guarda y alrededores.","potentialAction":[{"@type":"SearchAction","target":{"@type":"EntryPoint","urlTemplate":"https:\/\/www.turismoaguarda.es\/?s={search_term_string}"},"query-input":{"@type":"PropertyValueSpecification","valueRequired":true,"valueName":"search_term_string"}}],"inLanguage":"gl"}]}},"_links":{"self":[{"href":"https:\/\/www.turismoaguarda.es\/gl\/wp-json\/wp\/v2\/pages\/1832","targetHints":{"allow":["GET"]}}],"collection":[{"href":"https:\/\/www.turismoaguarda.es\/gl\/wp-json\/wp\/v2\/pages"}],"about":[{"href":"https:\/\/www.turismoaguarda.es\/gl\/wp-json\/wp\/v2\/types\/page"}],"author":[{"embeddable":true,"href":"https:\/\/www.turismoaguarda.es\/gl\/wp-json\/wp\/v2\/users\/4"}],"replies":[{"embeddable":true,"href":"https:\/\/www.turismoaguarda.es\/gl\/wp-json\/wp\/v2\/comments?post=1832"}],"version-history":[{"count":36,"href":"https:\/\/www.turismoaguarda.es\/gl\/wp-json\/wp\/v2\/pages\/1832\/revisions"}],"predecessor-version":[{"id":18433,"href":"https:\/\/www.turismoaguarda.es\/gl\/wp-json\/wp\/v2\/pages\/1832\/revisions\/18433"}],"wp:attachment":[{"href":"https:\/\/www.turismoaguarda.es\/gl\/wp-json\/wp\/v2\/media?parent=1832"}],"curies":[{"name":"wp","href":"https:\/\/api.w.org\/{rel}","templated":true}]}}